{"id":3118,"date":"2023-06-29T08:05:59","date_gmt":"2023-06-29T08:05:59","guid":{"rendered":"https:\/\/pasieka-bajka.pl\/?post_type=product&#038;p=3118"},"modified":"2025-05-31T19:05:11","modified_gmt":"2025-05-31T19:05:11","slug":"miod-wiosenny-bio-1-kg","status":"publish","type":"product","link":"https:\/\/pasieka-bajka.pl\/index.php\/produkt\/miod-wiosenny-bio-1-kg\/","title":{"rendered":"Mi\u00f3d wiosenny BIO 1 kg"},"content":{"rendered":"<p>MI\u00d3D WIOSENNY BIO 1 KG Z PASIEKI EKOLOGICZNEJ<\/p>\n<p>MASA NETTO: 1 kg<br \/>\nZBI\u00d3R: 2023<br \/>\nKRAJ POCHODZENIA: Polska \/ Podkarpacie i Lubelszczyzna (nasza pasieka)<\/p>\n<p>Nasz \u015bwie\u017co zebrany wiosenny mi\u00f3d to niezwyk\u0142a gratka dla mi\u0142o\u015bnik\u00f3w wyj\u0105tkowych smak\u00f3w. Jest to mi\u00f3d, kt\u00f3ry my najch\u0119tniej spo\u017cywamy w domu. Wiosna to czas, kiedy natura budzi si\u0119 do \u017cycia, a wraz z ni\u0105 kwitnie wiele r\u00f3\u017cnych ro\u015blin. Pszczo\u0142y zbieraj\u0105 nektar, tworz\u0105c unikaln\u0105 mieszank\u0119 smak\u00f3w i aromat\u00f3w. Owoce tej r\u00f3\u017cnorodno\u015bci mo\u017cemy do\u015bwiadczy\u0107, degustuj\u0105c wiosenny mi\u00f3d wielokwiatowy. Jest on znany z wysokiej zawarto\u015bci minera\u0142\u00f3w, enzym\u00f3w i antyoksydant\u00f3w. Jest to zas\u0142uga r\u00f3\u017cnorodno\u015bci ro\u015blin kwitn\u0105cych na wiosn\u0119 (przewaga nektaru z mniszka i rzepaku). Ze wzgl\u0119du na du\u017c\u0105 zawarto\u015b\u0107 py\u0142ku w miodzie szybko krystalizuje do postaci kremu (jest \u0142atwy do rozsmarowywania). Dekrystalizujemy go tylko, wtedy gdy klient sobie tego za\u017cyczy.<\/p>\n<p>Prowadzimy pasiek\u0119 w sos\u00f3b ekologiczny \u2013 nie u\u017cywamy og\u00f3lnie stosowanej w pasiekach kancerogennej i teratogennej amitrazy!!!!! Postawili\u015bmy na zdrow\u0105 \u017cywno\u015b\u0107.<\/p>\n","protected":false},"excerpt":{"rendered":"<p>MI\u00d3D WIOSENNY BIO 1 KG Z PASIEKI EKOLOGICZNEJ MASA NETTO: 1 kg ZBI\u00d3R: 2023 KRAJ POCHODZENIA: Polska \/ Podkarpacie i Lubelszczyzna (nasza pasieka) Nasz \u015bwie\u017co zebrany wiosenny mi\u00f3d to niezwyk\u0142a gratka dla mi\u0142o\u015bnik\u00f3w wyj\u0105tkowych smak\u00f3w. Jest to mi\u00f3d, kt\u00f3ry my najch\u0119tniej spo\u017cywamy w domu. Wiosna to czas, kiedy natura budzi si\u0119 do \u017cycia, a wraz&#8230;<\/p>\n","protected":false},"featured_media":3119,"comment_status":"open","ping_status":"closed","template":"","meta":{"_kad_post_transparent":"default","_kad_post_title":"","_kad_post_layout":"default","_kad_post_sidebar_id":"","_kad_post_content_style":"default","_kad_post_vertical_padding":"default","_kad_post_feature":"","_kad_post_feature_position":"","_kad_post_header":false,"_kad_post_footer":false},"product_cat":[24],"product_tag":[36,60,59,28,61],"class_list":["post-3118","product","type-product","status-publish","has-post-thumbnail","hentry","product_cat-miody-pasieka-bajka","product_tag-miod-ekologiczny","product_tag-miod-mniszkowy","product_tag-miod-wiosenny","product_tag-pasieka-bajka","product_tag-pyszny-miod","entry","content-bg","loop-entry"],"yoast_head":"<!-- This site is optimized with the Yoast SEO plugin v19.14 - https:\/\/yoast.com\/wordpress\/plugins\/seo\/ -->\n<title>Mi\u00f3d wiosenny BIO 1 kg - Pasieka Bajka<\/title>\n<meta name=\"description\" content=\"Nasz \u015bwie\u017co zebrany wiosenny mi\u00f3d to niezwyk\u0142a gratka dla mi\u0142o\u015bnik\u00f3w wyj\u0105tkowych smak\u00f3w. Jest to mi\u00f3d, kt\u00f3ry my najch\u0119tniej spo\u017cywamy w domu \u2013 wyj\u0105tkowy pod, pod wieloma wzgl\u0119dami. Wiosna to czas, kiedy natura budzi si\u0119 do \u017cycia, a wraz z ni\u0105 kwitnie wiele r\u00f3\u017cnych ro\u015blin. Pszczo\u0142y zbieraj\u0105 nektar, tworz\u0105c unikaln\u0105 mieszank\u0119 smak\u00f3w i aromat\u00f3w. Owoce tej r\u00f3\u017cnorodno\u015bci mo\u017cemy do\u015bwiadczy\u0107, degustuj\u0105c wiosenny mi\u00f3d wielokwiatowy. Jest on znany z wysokiej zawarto\u015bci minera\u0142\u00f3w, enzym\u00f3w i antyoksydant\u00f3w. Jest to zas\u0142uga r\u00f3\u017cnorodno\u015bci ro\u015blin kwitn\u0105cych na wiosn\u0119 (przewaga nektaru z mniszka i rzepaku).\" \/>\n<meta name=\"robots\" content=\"index, follow, max-snippet:-1, max-image-preview:large, max-video-preview:-1\" \/>\n<link rel=\"canonical\" href=\"https:\/\/pasieka-bajka.pl\/index.php\/produkt\/miod-wiosenny-bio-1-kg\/\" \/>\n<meta property=\"og:locale\" content=\"pl_PL\" \/>\n<meta property=\"og:type\" content=\"article\" \/>\n<meta property=\"og:title\" content=\"Mi\u00f3d wiosenny BIO 1 kg - Pasieka Bajka\" \/>\n<meta property=\"og:description\" content=\"Nasz \u015bwie\u017co zebrany wiosenny mi\u00f3d to niezwyk\u0142a gratka dla mi\u0142o\u015bnik\u00f3w wyj\u0105tkowych smak\u00f3w. Jest to mi\u00f3d, kt\u00f3ry my najch\u0119tniej spo\u017cywamy w domu \u2013 wyj\u0105tkowy pod, pod wieloma wzgl\u0119dami. Wiosna to czas, kiedy natura budzi si\u0119 do \u017cycia, a wraz z ni\u0105 kwitnie wiele r\u00f3\u017cnych ro\u015blin. Pszczo\u0142y zbieraj\u0105 nektar, tworz\u0105c unikaln\u0105 mieszank\u0119 smak\u00f3w i aromat\u00f3w. Owoce tej r\u00f3\u017cnorodno\u015bci mo\u017cemy do\u015bwiadczy\u0107, degustuj\u0105c wiosenny mi\u00f3d wielokwiatowy. Jest on znany z wysokiej zawarto\u015bci minera\u0142\u00f3w, enzym\u00f3w i antyoksydant\u00f3w. Jest to zas\u0142uga r\u00f3\u017cnorodno\u015bci ro\u015blin kwitn\u0105cych na wiosn\u0119 (przewaga nektaru z mniszka i rzepaku).\" \/>\n<meta property=\"og:url\" content=\"https:\/\/pasieka-bajka.pl\/index.php\/produkt\/miod-wiosenny-bio-1-kg\/\" \/>\n<meta property=\"og:site_name\" content=\"Pasieka Bajka\" \/>\n<meta property=\"article:publisher\" content=\"https:\/\/www.facebook.com\/people\/Pasieka-Bajka\/100054563913895\/\" \/>\n<meta property=\"article:modified_time\" content=\"2025-05-31T19:05:11+00:00\" \/>\n<meta property=\"og:image\" content=\"https:\/\/pasieka-bajka.pl\/wp-content\/uploads\/2023\/06\/wiosenny-1kg.jpg\" \/>\n\t<meta property=\"og:image:width\" content=\"464\" \/>\n\t<meta property=\"og:image:height\" content=\"538\" \/>\n\t<meta property=\"og:image:type\" content=\"image\/jpeg\" \/>\n<meta name=\"twitter:card\" content=\"summary_large_image\" \/>\n<meta name=\"twitter:label1\" content=\"Szacowany czas czytania\" \/>\n\t<meta name=\"twitter:data1\" content=\"1 minuta\" \/>\n<script type=\"application\/ld+json\" class=\"yoast-schema-graph\">{\"@context\":\"https:\/\/schema.org\",\"@graph\":[{\"@type\":\"WebPage\",\"@id\":\"https:\/\/pasieka-bajka.pl\/index.php\/produkt\/miod-wiosenny-bio-1-kg\/\",\"url\":\"https:\/\/pasieka-bajka.pl\/index.php\/produkt\/miod-wiosenny-bio-1-kg\/\",\"name\":\"Mi\u00f3d wiosenny BIO 1 kg - Pasieka Bajka\",\"isPartOf\":{\"@id\":\"https:\/\/pasieka-bajka.pl\/#website\"},\"datePublished\":\"2023-06-29T08:05:59+00:00\",\"dateModified\":\"2025-05-31T19:05:11+00:00\",\"description\":\"Nasz \u015bwie\u017co zebrany wiosenny mi\u00f3d to niezwyk\u0142a gratka dla mi\u0142o\u015bnik\u00f3w wyj\u0105tkowych smak\u00f3w. Jest to mi\u00f3d, kt\u00f3ry my najch\u0119tniej spo\u017cywamy w domu \u2013 wyj\u0105tkowy pod, pod wieloma wzgl\u0119dami. Wiosna to czas, kiedy natura budzi si\u0119 do \u017cycia, a wraz z ni\u0105 kwitnie wiele r\u00f3\u017cnych ro\u015blin. Pszczo\u0142y zbieraj\u0105 nektar, tworz\u0105c unikaln\u0105 mieszank\u0119 smak\u00f3w i aromat\u00f3w. Owoce tej r\u00f3\u017cnorodno\u015bci mo\u017cemy do\u015bwiadczy\u0107, degustuj\u0105c wiosenny mi\u00f3d wielokwiatowy. Jest on znany z wysokiej zawarto\u015bci minera\u0142\u00f3w, enzym\u00f3w i antyoksydant\u00f3w. Jest to zas\u0142uga r\u00f3\u017cnorodno\u015bci ro\u015blin kwitn\u0105cych na wiosn\u0119 (przewaga nektaru z mniszka i rzepaku).\",\"breadcrumb\":{\"@id\":\"https:\/\/pasieka-bajka.pl\/index.php\/produkt\/miod-wiosenny-bio-1-kg\/#breadcrumb\"},\"inLanguage\":\"pl-PL\",\"potentialAction\":[{\"@type\":\"ReadAction\",\"target\":[\"https:\/\/pasieka-bajka.pl\/index.php\/produkt\/miod-wiosenny-bio-1-kg\/\"]}]},{\"@type\":\"BreadcrumbList\",\"@id\":\"https:\/\/pasieka-bajka.pl\/index.php\/produkt\/miod-wiosenny-bio-1-kg\/#breadcrumb\",\"itemListElement\":[{\"@type\":\"ListItem\",\"position\":1,\"name\":\"Strona g\u0142\u00f3wna\",\"item\":\"https:\/\/pasieka-bajka.pl\/\"},{\"@type\":\"ListItem\",\"position\":2,\"name\":\"Sklep\",\"item\":\"https:\/\/pasieka-bajka.pl\/index.php\/sklep\/\"},{\"@type\":\"ListItem\",\"position\":3,\"name\":\"Mi\u00f3d wiosenny BIO 1 kg\"}]},{\"@type\":\"WebSite\",\"@id\":\"https:\/\/pasieka-bajka.pl\/#website\",\"url\":\"https:\/\/pasieka-bajka.pl\/\",\"name\":\"Pasieka Bajka Ekologiczne Gospodarstwo Pszczelarskie\",\"description\":\"Ekologiczna hodowla pszcz&oacute;\u0142\",\"publisher\":{\"@id\":\"https:\/\/pasieka-bajka.pl\/#organization\"},\"alternateName\":\"Pasieka Bajka\",\"potentialAction\":[{\"@type\":\"SearchAction\",\"target\":{\"@type\":\"EntryPoint\",\"urlTemplate\":\"https:\/\/pasieka-bajka.pl\/?s={search_term_string}\"},\"query-input\":\"required name=search_term_string\"}],\"inLanguage\":\"pl-PL\"},{\"@type\":\"Organization\",\"@id\":\"https:\/\/pasieka-bajka.pl\/#organization\",\"name\":\"Pasieka Bajka\",\"alternateName\":\"Pasieka Bajka\",\"url\":\"https:\/\/pasieka-bajka.pl\/\",\"logo\":{\"@type\":\"ImageObject\",\"inLanguage\":\"pl-PL\",\"@id\":\"https:\/\/pasieka-bajka.pl\/#\/schema\/logo\/image\/\",\"url\":\"https:\/\/pasieka-bajka.pl\/wp-content\/uploads\/2022\/12\/logo300-1.jpg\",\"contentUrl\":\"https:\/\/pasieka-bajka.pl\/wp-content\/uploads\/2022\/12\/logo300-1.jpg\",\"width\":300,\"height\":258,\"caption\":\"Pasieka Bajka\"},\"image\":{\"@id\":\"https:\/\/pasieka-bajka.pl\/#\/schema\/logo\/image\/\"},\"sameAs\":[\"https:\/\/www.facebook.com\/people\/Pasieka-Bajka\/100054563913895\/\"]}]}<\/script>\n<!-- \/ Yoast SEO plugin. -->","yoast_head_json":{"title":"Mi\u00f3d wiosenny BIO 1 kg - Pasieka Bajka","description":"Nasz \u015bwie\u017co zebrany wiosenny mi\u00f3d to niezwyk\u0142a gratka dla mi\u0142o\u015bnik\u00f3w wyj\u0105tkowych smak\u00f3w. Jest to mi\u00f3d, kt\u00f3ry my najch\u0119tniej spo\u017cywamy w domu \u2013 wyj\u0105tkowy pod, pod wieloma wzgl\u0119dami. Wiosna to czas, kiedy natura budzi si\u0119 do \u017cycia, a wraz z ni\u0105 kwitnie wiele r\u00f3\u017cnych ro\u015blin. Pszczo\u0142y zbieraj\u0105 nektar, tworz\u0105c unikaln\u0105 mieszank\u0119 smak\u00f3w i aromat\u00f3w. Owoce tej r\u00f3\u017cnorodno\u015bci mo\u017cemy do\u015bwiadczy\u0107, degustuj\u0105c wiosenny mi\u00f3d wielokwiatowy. Jest on znany z wysokiej zawarto\u015bci minera\u0142\u00f3w, enzym\u00f3w i antyoksydant\u00f3w. Jest to zas\u0142uga r\u00f3\u017cnorodno\u015bci ro\u015blin kwitn\u0105cych na wiosn\u0119 (przewaga nektaru z mniszka i rzepaku).","robots":{"index":"index","follow":"follow","max-snippet":"max-snippet:-1","max-image-preview":"max-image-preview:large","max-video-preview":"max-video-preview:-1"},"canonical":"https:\/\/pasieka-bajka.pl\/index.php\/produkt\/miod-wiosenny-bio-1-kg\/","og_locale":"pl_PL","og_type":"article","og_title":"Mi\u00f3d wiosenny BIO 1 kg - Pasieka Bajka","og_description":"Nasz \u015bwie\u017co zebrany wiosenny mi\u00f3d to niezwyk\u0142a gratka dla mi\u0142o\u015bnik\u00f3w wyj\u0105tkowych smak\u00f3w. Jest to mi\u00f3d, kt\u00f3ry my najch\u0119tniej spo\u017cywamy w domu \u2013 wyj\u0105tkowy pod, pod wieloma wzgl\u0119dami. Wiosna to czas, kiedy natura budzi si\u0119 do \u017cycia, a wraz z ni\u0105 kwitnie wiele r\u00f3\u017cnych ro\u015blin. Pszczo\u0142y zbieraj\u0105 nektar, tworz\u0105c unikaln\u0105 mieszank\u0119 smak\u00f3w i aromat\u00f3w. Owoce tej r\u00f3\u017cnorodno\u015bci mo\u017cemy do\u015bwiadczy\u0107, degustuj\u0105c wiosenny mi\u00f3d wielokwiatowy. Jest on znany z wysokiej zawarto\u015bci minera\u0142\u00f3w, enzym\u00f3w i antyoksydant\u00f3w. Jest to zas\u0142uga r\u00f3\u017cnorodno\u015bci ro\u015blin kwitn\u0105cych na wiosn\u0119 (przewaga nektaru z mniszka i rzepaku).","og_url":"https:\/\/pasieka-bajka.pl\/index.php\/produkt\/miod-wiosenny-bio-1-kg\/","og_site_name":"Pasieka Bajka","article_publisher":"https:\/\/www.facebook.com\/people\/Pasieka-Bajka\/100054563913895\/","article_modified_time":"2025-05-31T19:05:11+00:00","og_image":[{"width":464,"height":538,"url":"https:\/\/pasieka-bajka.pl\/wp-content\/uploads\/2023\/06\/wiosenny-1kg.jpg","type":"image\/jpeg"}],"twitter_card":"summary_large_image","twitter_misc":{"Szacowany czas czytania":"1 minuta"},"schema":{"@context":"https:\/\/schema.org","@graph":[{"@type":"WebPage","@id":"https:\/\/pasieka-bajka.pl\/index.php\/produkt\/miod-wiosenny-bio-1-kg\/","url":"https:\/\/pasieka-bajka.pl\/index.php\/produkt\/miod-wiosenny-bio-1-kg\/","name":"Mi\u00f3d wiosenny BIO 1 kg - Pasieka Bajka","isPartOf":{"@id":"https:\/\/pasieka-bajka.pl\/#website"},"datePublished":"2023-06-29T08:05:59+00:00","dateModified":"2025-05-31T19:05:11+00:00","description":"Nasz \u015bwie\u017co zebrany wiosenny mi\u00f3d to niezwyk\u0142a gratka dla mi\u0142o\u015bnik\u00f3w wyj\u0105tkowych smak\u00f3w. Jest to mi\u00f3d, kt\u00f3ry my najch\u0119tniej spo\u017cywamy w domu \u2013 wyj\u0105tkowy pod, pod wieloma wzgl\u0119dami. Wiosna to czas, kiedy natura budzi si\u0119 do \u017cycia, a wraz z ni\u0105 kwitnie wiele r\u00f3\u017cnych ro\u015blin. Pszczo\u0142y zbieraj\u0105 nektar, tworz\u0105c unikaln\u0105 mieszank\u0119 smak\u00f3w i aromat\u00f3w. Owoce tej r\u00f3\u017cnorodno\u015bci mo\u017cemy do\u015bwiadczy\u0107, degustuj\u0105c wiosenny mi\u00f3d wielokwiatowy. Jest on znany z wysokiej zawarto\u015bci minera\u0142\u00f3w, enzym\u00f3w i antyoksydant\u00f3w. Jest to zas\u0142uga r\u00f3\u017cnorodno\u015bci ro\u015blin kwitn\u0105cych na wiosn\u0119 (przewaga nektaru z mniszka i rzepaku).","breadcrumb":{"@id":"https:\/\/pasieka-bajka.pl\/index.php\/produkt\/miod-wiosenny-bio-1-kg\/#breadcrumb"},"inLanguage":"pl-PL","potentialAction":[{"@type":"ReadAction","target":["https:\/\/pasieka-bajka.pl\/index.php\/produkt\/miod-wiosenny-bio-1-kg\/"]}]},{"@type":"BreadcrumbList","@id":"https:\/\/pasieka-bajka.pl\/index.php\/produkt\/miod-wiosenny-bio-1-kg\/#breadcrumb","itemListElement":[{"@type":"ListItem","position":1,"name":"Strona g\u0142\u00f3wna","item":"https:\/\/pasieka-bajka.pl\/"},{"@type":"ListItem","position":2,"name":"Sklep","item":"https:\/\/pasieka-bajka.pl\/index.php\/sklep\/"},{"@type":"ListItem","position":3,"name":"Mi\u00f3d wiosenny BIO 1 kg"}]},{"@type":"WebSite","@id":"https:\/\/pasieka-bajka.pl\/#website","url":"https:\/\/pasieka-bajka.pl\/","name":"Pasieka Bajka Ekologiczne Gospodarstwo Pszczelarskie","description":"Ekologiczna hodowla pszcz&oacute;\u0142","publisher":{"@id":"https:\/\/pasieka-bajka.pl\/#organization"},"alternateName":"Pasieka Bajka","potentialAction":[{"@type":"SearchAction","target":{"@type":"EntryPoint","urlTemplate":"https:\/\/pasieka-bajka.pl\/?s={search_term_string}"},"query-input":"required name=search_term_string"}],"inLanguage":"pl-PL"},{"@type":"Organization","@id":"https:\/\/pasieka-bajka.pl\/#organization","name":"Pasieka Bajka","alternateName":"Pasieka Bajka","url":"https:\/\/pasieka-bajka.pl\/","logo":{"@type":"ImageObject","inLanguage":"pl-PL","@id":"https:\/\/pasieka-bajka.pl\/#\/schema\/logo\/image\/","url":"https:\/\/pasieka-bajka.pl\/wp-content\/uploads\/2022\/12\/logo300-1.jpg","contentUrl":"https:\/\/pasieka-bajka.pl\/wp-content\/uploads\/2022\/12\/logo300-1.jpg","width":300,"height":258,"caption":"Pasieka Bajka"},"image":{"@id":"https:\/\/pasieka-bajka.pl\/#\/schema\/logo\/image\/"},"sameAs":["https:\/\/www.facebook.com\/people\/Pasieka-Bajka\/100054563913895\/"]}]}},"_links":{"self":[{"href":"https:\/\/pasieka-bajka.pl\/index.php\/wp-json\/wp\/v2\/product\/3118","targetHints":{"allow":["GET"]}}],"collection":[{"href":"https:\/\/pasieka-bajka.pl\/index.php\/wp-json\/wp\/v2\/product"}],"about":[{"href":"https:\/\/pasieka-bajka.pl\/index.php\/wp-json\/wp\/v2\/types\/product"}],"replies":[{"embeddable":true,"href":"https:\/\/pasieka-bajka.pl\/index.php\/wp-json\/wp\/v2\/comments?post=3118"}],"wp:featuredmedia":[{"embeddable":true,"href":"https:\/\/pasieka-bajka.pl\/index.php\/wp-json\/wp\/v2\/media\/3119"}],"wp:attachment":[{"href":"https:\/\/pasieka-bajka.pl\/index.php\/wp-json\/wp\/v2\/media?parent=3118"}],"wp:term":[{"taxonomy":"product_cat","embeddable":true,"href":"https:\/\/pasieka-bajka.pl\/index.php\/wp-json\/wp\/v2\/product_cat?post=3118"},{"taxonomy":"product_tag","embeddable":true,"href":"https:\/\/pasieka-bajka.pl\/index.php\/wp-json\/wp\/v2\/product_tag?post=3118"}],"curies":[{"name":"wp","href":"https:\/\/api.w.org\/{rel}","templated":true}]}}